{"id":16618,"date":"2022-10-03T12:51:35","date_gmt":"2022-10-03T10:51:35","guid":{"rendered":"https:\/\/izbapamieci.muzeumwarszawy.pl\/wp-content\/uploads\/sites\/25\/2022\/10\/DSCF8332.jpg"},"modified":"2023-09-06T12:41:32","modified_gmt":"2023-09-06T10:41:32","slug":"dscf8332-2","status":"inherit","type":"attachment","link":"https:\/\/izbapamieci.muzeumwarszawy.pl\/en\/dscf8332-2\/","title":{"rendered":"DSCF8332"},"author":5,"featured_media":0,"comment_status":"open","ping_status":"closed","template":"","meta":{"_acf_changed":false},"class_list":["post-16618","attachment","type-attachment","status-inherit","hentry"],"acf":[],"yoast_head":"<!-- This site is optimized with the Yoast SEO plugin v27.3 - https:\/\/yoast.com\/product\/yoast-seo-wordpress\/ -->\n<title>DSCF8332 | Hall of Remembrance at the Warsaw Insurgents Cemetery<\/title>\n<meta name=\"robots\" content=\"index, follow, max-snippet:-1, max-image-preview:large, max-video-preview:-1\" \/>\n<link rel=\"canonical\" href=\"https:\/\/izbapamieci.muzeumwarszawy.pl\/wp-content\/uploads\/sites\/25\/2022\/10\/DSCF8332-scaled.jpg\" \/>\n<meta property=\"og:locale\" content=\"en_US\" \/>\n<meta property=\"og:type\" content=\"article\" \/>\n<meta property=\"og:title\" content=\"DSCF8332 | Hall of Remembrance at the Warsaw Insurgents Cemetery\" \/>\n<meta property=\"og:description\" content=\"Otwarcie Izby Pami\u0119ci przy Cmentarzu Powsta\u0144c\u00f3w Warszawy, 2 pa\u017adziernika 2022 roku, fot. Jakub Celej\" \/>\n<meta property=\"og:url\" content=\"https:\/\/izbapamieci.muzeumwarszawy.pl\/wp-content\/uploads\/sites\/25\/2022\/10\/DSCF8332-scaled.jpg\" \/>\n<meta property=\"og:site_name\" content=\"Hall of Remembrance at the Warsaw Insurgents Cemetery\" \/>\n<meta property=\"article:publisher\" content=\"https:\/\/www.facebook.com\/muzeum.wola\" \/>\n<meta property=\"article:modified_time\" content=\"2023-09-06T10:41:32+00:00\" \/>\n<meta property=\"og:image\" content=\"https:\/\/izbapamieci.muzeumwarszawy.pl\/wp-content\/uploads\/sites\/25\/2022\/10\/DSCF8332-scaled.jpg\" \/>\n\t<meta property=\"og:image:width\" content=\"2560\" \/>\n\t<meta property=\"og:image:height\" content=\"2048\" \/>\n\t<meta property=\"og:image:type\" content=\"image\/jpeg\" \/>\n<meta name=\"twitter:card\" content=\"summary_large_image\" \/>\n<script type=\"application\/ld+json\" class=\"yoast-schema-graph\">{\"@context\":\"https:\\\/\\\/schema.org\",\"@graph\":[{\"@type\":\"WebPage\",\"@id\":\"https:\\\/\\\/izbapamieci.muzeumwarszawy.pl\\\/wp-content\\\/uploads\\\/sites\\\/25\\\/2022\\\/10\\\/DSCF8332-scaled.jpg\",\"url\":\"https:\\\/\\\/izbapamieci.muzeumwarszawy.pl\\\/wp-content\\\/uploads\\\/sites\\\/25\\\/2022\\\/10\\\/DSCF8332-scaled.jpg\",\"name\":\"DSCF8332 | Hall of Remembrance at the Warsaw Insurgents Cemetery\",\"isPartOf\":{\"@id\":\"https:\\\/\\\/izbapamieci.muzeumwarszawy.pl\\\/#website\"},\"datePublished\":\"2022-10-03T10:51:35+00:00\",\"dateModified\":\"2023-09-06T10:41:32+00:00\",\"breadcrumb\":{\"@id\":\"https:\\\/\\\/izbapamieci.muzeumwarszawy.pl\\\/wp-content\\\/uploads\\\/sites\\\/25\\\/2022\\\/10\\\/DSCF8332-scaled.jpg#breadcrumb\"},\"inLanguage\":\"en-US\",\"potentialAction\":[{\"@type\":\"ReadAction\",\"target\":[\"https:\\\/\\\/izbapamieci.muzeumwarszawy.pl\\\/wp-content\\\/uploads\\\/sites\\\/25\\\/2022\\\/10\\\/DSCF8332-scaled.jpg\"]}]},{\"@type\":\"BreadcrumbList\",\"@id\":\"https:\\\/\\\/izbapamieci.muzeumwarszawy.pl\\\/wp-content\\\/uploads\\\/sites\\\/25\\\/2022\\\/10\\\/DSCF8332-scaled.jpg#breadcrumb\",\"itemListElement\":[{\"@type\":\"ListItem\",\"position\":1,\"name\":\"Home\",\"item\":\"https:\\\/\\\/izbapamieci.muzeumwarszawy.pl\\\/en\\\/\"},{\"@type\":\"ListItem\",\"position\":2,\"name\":\"DSCF8332\"}]},{\"@type\":\"WebSite\",\"@id\":\"https:\\\/\\\/izbapamieci.muzeumwarszawy.pl\\\/#website\",\"url\":\"https:\\\/\\\/izbapamieci.muzeumwarszawy.pl\\\/\",\"name\":\"Hall of Remembrance at the Warsaw Insurgents Cemetery\",\"description\":\"Hall of Remembrance at the Warsaw Insurgents Cemetery\",\"potentialAction\":[{\"@type\":\"SearchAction\",\"target\":{\"@type\":\"EntryPoint\",\"urlTemplate\":\"https:\\\/\\\/izbapamieci.muzeumwarszawy.pl\\\/?s={search_term_string}\"},\"query-input\":{\"@type\":\"PropertyValueSpecification\",\"valueRequired\":true,\"valueName\":\"search_term_string\"}}],\"inLanguage\":\"en-US\"}]}<\/script>\n<!-- \/ Yoast SEO plugin. -->","yoast_head_json":{"title":"DSCF8332 | Hall of Remembrance at the Warsaw Insurgents Cemetery","robots":{"index":"index","follow":"follow","max-snippet":"max-snippet:-1","max-image-preview":"max-image-preview:large","max-video-preview":"max-video-preview:-1"},"canonical":"https:\/\/izbapamieci.muzeumwarszawy.pl\/wp-content\/uploads\/sites\/25\/2022\/10\/DSCF8332-scaled.jpg","og_locale":"en_US","og_type":"article","og_title":"DSCF8332 | Hall of Remembrance at the Warsaw Insurgents Cemetery","og_description":"Otwarcie Izby Pami\u0119ci przy Cmentarzu Powsta\u0144c\u00f3w Warszawy, 2 pa\u017adziernika 2022 roku, fot. Jakub Celej","og_url":"https:\/\/izbapamieci.muzeumwarszawy.pl\/wp-content\/uploads\/sites\/25\/2022\/10\/DSCF8332-scaled.jpg","og_site_name":"Hall of Remembrance at the Warsaw Insurgents Cemetery","article_publisher":"https:\/\/www.facebook.com\/muzeum.wola","article_modified_time":"2023-09-06T10:41:32+00:00","og_image":[{"width":2560,"height":2048,"url":"https:\/\/izbapamieci.muzeumwarszawy.pl\/wp-content\/uploads\/sites\/25\/2022\/10\/DSCF8332-scaled.jpg","type":"image\/jpeg"}],"twitter_card":"summary_large_image","schema":{"@context":"https:\/\/schema.org","@graph":[{"@type":"WebPage","@id":"https:\/\/izbapamieci.muzeumwarszawy.pl\/wp-content\/uploads\/sites\/25\/2022\/10\/DSCF8332-scaled.jpg","url":"https:\/\/izbapamieci.muzeumwarszawy.pl\/wp-content\/uploads\/sites\/25\/2022\/10\/DSCF8332-scaled.jpg","name":"DSCF8332 | Hall of Remembrance at the Warsaw Insurgents Cemetery","isPartOf":{"@id":"https:\/\/izbapamieci.muzeumwarszawy.pl\/#website"},"datePublished":"2022-10-03T10:51:35+00:00","dateModified":"2023-09-06T10:41:32+00:00","breadcrumb":{"@id":"https:\/\/izbapamieci.muzeumwarszawy.pl\/wp-content\/uploads\/sites\/25\/2022\/10\/DSCF8332-scaled.jpg#breadcrumb"},"inLanguage":"en-US","potentialAction":[{"@type":"ReadAction","target":["https:\/\/izbapamieci.muzeumwarszawy.pl\/wp-content\/uploads\/sites\/25\/2022\/10\/DSCF8332-scaled.jpg"]}]},{"@type":"BreadcrumbList","@id":"https:\/\/izbapamieci.muzeumwarszawy.pl\/wp-content\/uploads\/sites\/25\/2022\/10\/DSCF8332-scaled.jpg#breadcrumb","itemListElement":[{"@type":"ListItem","position":1,"name":"Home","item":"https:\/\/izbapamieci.muzeumwarszawy.pl\/en\/"},{"@type":"ListItem","position":2,"name":"DSCF8332"}]},{"@type":"WebSite","@id":"https:\/\/izbapamieci.muzeumwarszawy.pl\/#website","url":"https:\/\/izbapamieci.muzeumwarszawy.pl\/","name":"Hall of Remembrance at the Warsaw Insurgents Cemetery","description":"Hall of Remembrance at the Warsaw Insurgents Cemetery","potentialAction":[{"@type":"SearchAction","target":{"@type":"EntryPoint","urlTemplate":"https:\/\/izbapamieci.muzeumwarszawy.pl\/?s={search_term_string}"},"query-input":{"@type":"PropertyValueSpecification","valueRequired":true,"valueName":"search_term_string"}}],"inLanguage":"en-US"}]}},"description":{"rendered":"<p class=\"attachment\"><a href='https:\/\/izbapamieci.muzeumwarszawy.pl\/wp-content\/uploads\/sites\/25\/2022\/10\/DSCF8332-scaled.jpg'><img fetchpriority=\"high\" decoding=\"async\" width=\"300\" height=\"240\" src=\"https:\/\/izbapamieci.muzeumwarszawy.pl\/wp-content\/uploads\/sites\/25\/2022\/10\/DSCF8332-300x240.jpg\" class=\"attachment-medium size-medium\" alt=\"\" srcset=\"https:\/\/izbapamieci.muzeumwarszawy.pl\/wp-content\/uploads\/sites\/25\/2022\/10\/DSCF8332-300x240.jpg 300w, https:\/\/izbapamieci.muzeumwarszawy.pl\/wp-content\/uploads\/sites\/25\/2022\/10\/DSCF8332-1875x1500.jpg 1875w, https:\/\/izbapamieci.muzeumwarszawy.pl\/wp-content\/uploads\/sites\/25\/2022\/10\/DSCF8332-768x614.jpg 768w, https:\/\/izbapamieci.muzeumwarszawy.pl\/wp-content\/uploads\/sites\/25\/2022\/10\/DSCF8332-1536x1229.jpg 1536w, https:\/\/izbapamieci.muzeumwarszawy.pl\/wp-content\/uploads\/sites\/25\/2022\/10\/DSCF8332-2048x1639.jpg 2048w, https:\/\/izbapamieci.muzeumwarszawy.pl\/wp-content\/uploads\/sites\/25\/2022\/10\/DSCF8332-500x400.jpg 500w, https:\/\/izbapamieci.muzeumwarszawy.pl\/wp-content\/uploads\/sites\/25\/2022\/10\/DSCF8332-650x520.jpg 650w\" sizes=\"(max-width: 300px) 100vw, 300px\" \/><\/a><\/p>\n"},"caption":{"rendered":"<p>Otwarcie Izby Pami\u0119ci przy Cmentarzu Powsta\u0144c\u00f3w Warszawy, 2 pa\u017adziernika 2022 roku, fot. Jakub Celej<\/p>\n"},"alt_text":"","media_type":"image","mime_type":"image\/jpeg","media_details":{"width":2560,"height":2048,"file":"2022\/10\/DSCF8332-scaled.jpg","filesize":731808,"sizes":{"medium":{"file":"DSCF8332-300x240.jpg","width":300,"height":240,"filesize":48523,"mime_type":"image\/jpeg","source_url":"https:\/\/izbapamieci.muzeumwarszawy.pl\/wp-content\/uploads\/sites\/25\/2022\/10\/DSCF8332-300x240.jpg"},"large":{"file":"DSCF8332-1875x1500.jpg","width":1875,"height":1500,"filesize":422100,"mime_type":"image\/jpeg","source_url":"https:\/\/izbapamieci.muzeumwarszawy.pl\/wp-content\/uploads\/sites\/25\/2022\/10\/DSCF8332-1875x1500.jpg"},"thumbnail":{"file":"DSCF8332-150x90.jpg","width":150,"height":90,"filesize":35990,"mime_type":"image\/jpeg","source_url":"https:\/\/izbapamieci.muzeumwarszawy.pl\/wp-content\/uploads\/sites\/25\/2022\/10\/DSCF8332-150x90.jpg"},"medium_large":{"file":"DSCF8332-768x614.jpg","width":768,"height":614,"filesize":114229,"mime_type":"image\/jpeg","source_url":"https:\/\/izbapamieci.muzeumwarszawy.pl\/wp-content\/uploads\/sites\/25\/2022\/10\/DSCF8332-768x614.jpg"},"1536x1536":{"file":"DSCF8332-1536x1229.jpg","width":1536,"height":1229,"filesize":303971,"mime_type":"image\/jpeg","source_url":"https:\/\/izbapamieci.muzeumwarszawy.pl\/wp-content\/uploads\/sites\/25\/2022\/10\/DSCF8332-1536x1229.jpg"},"2048x2048":{"file":"DSCF8332-2048x1639.jpg","width":2048,"height":1639,"filesize":490016,"mime_type":"image\/jpeg","source_url":"https:\/\/izbapamieci.muzeumwarszawy.pl\/wp-content\/uploads\/sites\/25\/2022\/10\/DSCF8332-2048x1639.jpg"},"blog-thumb":{"file":"DSCF8332-239x202.jpg","width":239,"height":202,"filesize":43609,"mime_type":"image\/jpeg","source_url":"https:\/\/izbapamieci.muzeumwarszawy.pl\/wp-content\/uploads\/sites\/25\/2022\/10\/DSCF8332-239x202.jpg"},"medium_size":{"file":"DSCF8332-600x600.jpg","width":600,"height":600,"filesize":96408,"mime_type":"image\/jpeg","source_url":"https:\/\/izbapamieci.muzeumwarszawy.pl\/wp-content\/uploads\/sites\/25\/2022\/10\/DSCF8332-600x600.jpg"},"intro_image":{"file":"DSCF8332-300x240.jpg","width":300,"height":240,"filesize":48523,"mime_type":"image\/jpeg","source_url":"https:\/\/izbapamieci.muzeumwarszawy.pl\/wp-content\/uploads\/sites\/25\/2022\/10\/DSCF8332-300x240.jpg"},"right_image":{"file":"DSCF8332-500x400.jpg","width":500,"height":400,"filesize":71541,"mime_type":"image\/jpeg","source_url":"https:\/\/izbapamieci.muzeumwarszawy.pl\/wp-content\/uploads\/sites\/25\/2022\/10\/DSCF8332-500x400.jpg"},"news-thumbnails":{"file":"DSCF8332-332x222.jpg","width":332,"height":222,"filesize":49327,"mime_type":"image\/jpeg","source_url":"https:\/\/izbapamieci.muzeumwarszawy.pl\/wp-content\/uploads\/sites\/25\/2022\/10\/DSCF8332-332x222.jpg"},"exhib_list":{"file":"DSCF8332-1210x333.jpg","width":1210,"height":333,"filesize":98531,"mime_type":"image\/jpeg","source_url":"https:\/\/izbapamieci.muzeumwarszawy.pl\/wp-content\/uploads\/sites\/25\/2022\/10\/DSCF8332-1210x333.jpg"},"exhib_list_higher":{"file":"DSCF8332-1210x500.jpg","width":1210,"height":500,"filesize":130073,"mime_type":"image\/jpeg","source_url":"https:\/\/izbapamieci.muzeumwarszawy.pl\/wp-content\/uploads\/sites\/25\/2022\/10\/DSCF8332-1210x500.jpg"},"gabinet_thumb":{"file":"DSCF8332-205x90.jpg","width":205,"height":90,"filesize":37361,"mime_type":"image\/jpeg","source_url":"https:\/\/izbapamieci.muzeumwarszawy.pl\/wp-content\/uploads\/sites\/25\/2022\/10\/DSCF8332-205x90.jpg"},"object-image":{"file":"DSCF8332-650x520.jpg","width":650,"height":520,"filesize":94122,"mime_type":"image\/jpeg","source_url":"https:\/\/izbapamieci.muzeumwarszawy.pl\/wp-content\/uploads\/sites\/25\/2022\/10\/DSCF8332-650x520.jpg"},"full":{"file":"DSCF8332-scaled.jpg","width":2560,"height":2048,"mime_type":"image\/jpeg","source_url":"https:\/\/izbapamieci.muzeumwarszawy.pl\/wp-content\/uploads\/sites\/25\/2022\/10\/DSCF8332-scaled.jpg"}},"image_meta":{"aperture":"2.8","credit":"","camera":"X-T2","caption":"","created_timestamp":"1664715262","copyright":"","focal_length":"18","iso":"800","shutter_speed":"0.016666666666667","title":"","orientation":"0","keywords":[]},"original_image":"DSCF8332.jpg"},"post":null,"source_url":"https:\/\/izbapamieci.muzeumwarszawy.pl\/wp-content\/uploads\/sites\/25\/2022\/10\/DSCF8332-scaled.jpg","_links":{"self":[{"href":"https:\/\/izbapamieci.muzeumwarszawy.pl\/en\/wp-json\/wp\/v2\/media\/16618","targetHints":{"allow":["GET"]}}],"collection":[{"href":"https:\/\/izbapamieci.muzeumwarszawy.pl\/en\/wp-json\/wp\/v2\/media"}],"about":[{"href":"https:\/\/izbapamieci.muzeumwarszawy.pl\/en\/wp-json\/wp\/v2\/types\/attachment"}],"author":[{"embeddable":true,"href":"https:\/\/izbapamieci.muzeumwarszawy.pl\/en\/wp-json\/wp\/v2\/users\/5"}],"replies":[{"embeddable":true,"href":"https:\/\/izbapamieci.muzeumwarszawy.pl\/en\/wp-json\/wp\/v2\/comments?post=16618"}]}}