{"id":138028,"date":"2023-10-04T13:54:03","date_gmt":"2023-10-04T11:54:03","guid":{"rendered":"https:\/\/izbapamieci.muzeumwarszawy.pl\/wp-content\/uploads\/sites\/25\/2023\/10\/otwarcie-wystawy-Glosy-Pamieci_TKacozr-1.jpg"},"modified":"2023-10-04T14:01:24","modified_gmt":"2023-10-04T12:01:24","slug":"otwarcie-wystawy-glosy-pamieci_tkacozr-2-2","status":"inherit","type":"attachment","link":"https:\/\/izbapamieci.muzeumwarszawy.pl\/en\/otwarcie-wystawy-glosy-pamieci_tkacozr-2-2\/","title":{"rendered":"otwarcie wystawy G\u0142osy Pamieci_TKacozr"},"author":52,"featured_media":0,"comment_status":"open","ping_status":"closed","template":"","meta":{"_acf_changed":false},"class_list":["post-138028","attachment","type-attachment","status-inherit","hentry"],"acf":[],"yoast_head":"<!-- This site is optimized with the Yoast SEO plugin v27.3 - https:\/\/yoast.com\/product\/yoast-seo-wordpress\/ -->\n<title>otwarcie wystawy G\u0142osy Pamieci_TKacozr | Hall of Remembrance at the Warsaw Insurgents Cemetery<\/title>\n<meta name=\"robots\" content=\"index, follow, max-snippet:-1, max-image-preview:large, max-video-preview:-1\" \/>\n<link rel=\"canonical\" href=\"https:\/\/izbapamieci.muzeumwarszawy.pl\/wp-content\/uploads\/sites\/25\/2023\/10\/otwarcie-wystawy-Glosy-Pamieci_TKacozr-1.jpg\" \/>\n<meta property=\"og:locale\" content=\"en_US\" \/>\n<meta property=\"og:type\" content=\"article\" \/>\n<meta property=\"og:title\" content=\"otwarcie wystawy G\u0142osy Pamieci_TKacozr | Hall of Remembrance at the Warsaw Insurgents Cemetery\" \/>\n<meta property=\"og:description\" content=\"Otwarcie wystawy G\u0142osy pami\u0119ci fot. T. Kaczor\" \/>\n<meta property=\"og:url\" content=\"https:\/\/izbapamieci.muzeumwarszawy.pl\/wp-content\/uploads\/sites\/25\/2023\/10\/otwarcie-wystawy-Glosy-Pamieci_TKacozr-1.jpg\" \/>\n<meta property=\"og:site_name\" content=\"Hall of Remembrance at the Warsaw Insurgents Cemetery\" \/>\n<meta property=\"article:publisher\" content=\"https:\/\/www.facebook.com\/muzeum.wola\" \/>\n<meta property=\"article:modified_time\" content=\"2023-10-04T12:01:24+00:00\" \/>\n<meta property=\"og:image\" content=\"https:\/\/izbapamieci.muzeumwarszawy.pl\/wp-content\/uploads\/sites\/25\/2023\/10\/otwarcie-wystawy-Glosy-Pamieci_TKacozr-1.jpg\" \/>\n\t<meta property=\"og:image:width\" content=\"1600\" \/>\n\t<meta property=\"og:image:height\" content=\"1067\" \/>\n\t<meta property=\"og:image:type\" content=\"image\/jpeg\" \/>\n<meta name=\"twitter:card\" content=\"summary_large_image\" \/>\n<script type=\"application\/ld+json\" class=\"yoast-schema-graph\">{\"@context\":\"https:\\\/\\\/schema.org\",\"@graph\":[{\"@type\":\"WebPage\",\"@id\":\"https:\\\/\\\/izbapamieci.muzeumwarszawy.pl\\\/wp-content\\\/uploads\\\/sites\\\/25\\\/2023\\\/10\\\/otwarcie-wystawy-Glosy-Pamieci_TKacozr-1.jpg\",\"url\":\"https:\\\/\\\/izbapamieci.muzeumwarszawy.pl\\\/wp-content\\\/uploads\\\/sites\\\/25\\\/2023\\\/10\\\/otwarcie-wystawy-Glosy-Pamieci_TKacozr-1.jpg\",\"name\":\"otwarcie wystawy G\u0142osy Pamieci_TKacozr | Hall of Remembrance at the Warsaw Insurgents Cemetery\",\"isPartOf\":{\"@id\":\"https:\\\/\\\/izbapamieci.muzeumwarszawy.pl\\\/#website\"},\"datePublished\":\"2023-10-04T11:54:03+00:00\",\"dateModified\":\"2023-10-04T12:01:24+00:00\",\"breadcrumb\":{\"@id\":\"https:\\\/\\\/izbapamieci.muzeumwarszawy.pl\\\/wp-content\\\/uploads\\\/sites\\\/25\\\/2023\\\/10\\\/otwarcie-wystawy-Glosy-Pamieci_TKacozr-1.jpg#breadcrumb\"},\"inLanguage\":\"en-US\",\"potentialAction\":[{\"@type\":\"ReadAction\",\"target\":[\"https:\\\/\\\/izbapamieci.muzeumwarszawy.pl\\\/wp-content\\\/uploads\\\/sites\\\/25\\\/2023\\\/10\\\/otwarcie-wystawy-Glosy-Pamieci_TKacozr-1.jpg\"]}]},{\"@type\":\"BreadcrumbList\",\"@id\":\"https:\\\/\\\/izbapamieci.muzeumwarszawy.pl\\\/wp-content\\\/uploads\\\/sites\\\/25\\\/2023\\\/10\\\/otwarcie-wystawy-Glosy-Pamieci_TKacozr-1.jpg#breadcrumb\",\"itemListElement\":[{\"@type\":\"ListItem\",\"position\":1,\"name\":\"Home\",\"item\":\"https:\\\/\\\/izbapamieci.muzeumwarszawy.pl\\\/en\\\/\"},{\"@type\":\"ListItem\",\"position\":2,\"name\":\"otwarcie wystawy G\u0142osy Pamieci_TKacozr\"}]},{\"@type\":\"WebSite\",\"@id\":\"https:\\\/\\\/izbapamieci.muzeumwarszawy.pl\\\/#website\",\"url\":\"https:\\\/\\\/izbapamieci.muzeumwarszawy.pl\\\/\",\"name\":\"Hall of Remembrance at the Warsaw Insurgents Cemetery\",\"description\":\"Hall of Remembrance at the Warsaw Insurgents Cemetery\",\"potentialAction\":[{\"@type\":\"SearchAction\",\"target\":{\"@type\":\"EntryPoint\",\"urlTemplate\":\"https:\\\/\\\/izbapamieci.muzeumwarszawy.pl\\\/?s={search_term_string}\"},\"query-input\":{\"@type\":\"PropertyValueSpecification\",\"valueRequired\":true,\"valueName\":\"search_term_string\"}}],\"inLanguage\":\"en-US\"}]}<\/script>\n<!-- \/ Yoast SEO plugin. -->","yoast_head_json":{"title":"otwarcie wystawy G\u0142osy Pamieci_TKacozr | Hall of Remembrance at the Warsaw Insurgents Cemetery","robots":{"index":"index","follow":"follow","max-snippet":"max-snippet:-1","max-image-preview":"max-image-preview:large","max-video-preview":"max-video-preview:-1"},"canonical":"https:\/\/izbapamieci.muzeumwarszawy.pl\/wp-content\/uploads\/sites\/25\/2023\/10\/otwarcie-wystawy-Glosy-Pamieci_TKacozr-1.jpg","og_locale":"en_US","og_type":"article","og_title":"otwarcie wystawy G\u0142osy Pamieci_TKacozr | Hall of Remembrance at the Warsaw Insurgents Cemetery","og_description":"Otwarcie wystawy G\u0142osy pami\u0119ci fot. T. Kaczor","og_url":"https:\/\/izbapamieci.muzeumwarszawy.pl\/wp-content\/uploads\/sites\/25\/2023\/10\/otwarcie-wystawy-Glosy-Pamieci_TKacozr-1.jpg","og_site_name":"Hall of Remembrance at the Warsaw Insurgents Cemetery","article_publisher":"https:\/\/www.facebook.com\/muzeum.wola","article_modified_time":"2023-10-04T12:01:24+00:00","og_image":[{"width":1600,"height":1067,"url":"https:\/\/izbapamieci.muzeumwarszawy.pl\/wp-content\/uploads\/sites\/25\/2023\/10\/otwarcie-wystawy-Glosy-Pamieci_TKacozr-1.jpg","type":"image\/jpeg"}],"twitter_card":"summary_large_image","schema":{"@context":"https:\/\/schema.org","@graph":[{"@type":"WebPage","@id":"https:\/\/izbapamieci.muzeumwarszawy.pl\/wp-content\/uploads\/sites\/25\/2023\/10\/otwarcie-wystawy-Glosy-Pamieci_TKacozr-1.jpg","url":"https:\/\/izbapamieci.muzeumwarszawy.pl\/wp-content\/uploads\/sites\/25\/2023\/10\/otwarcie-wystawy-Glosy-Pamieci_TKacozr-1.jpg","name":"otwarcie wystawy G\u0142osy Pamieci_TKacozr | Hall of Remembrance at the Warsaw Insurgents Cemetery","isPartOf":{"@id":"https:\/\/izbapamieci.muzeumwarszawy.pl\/#website"},"datePublished":"2023-10-04T11:54:03+00:00","dateModified":"2023-10-04T12:01:24+00:00","breadcrumb":{"@id":"https:\/\/izbapamieci.muzeumwarszawy.pl\/wp-content\/uploads\/sites\/25\/2023\/10\/otwarcie-wystawy-Glosy-Pamieci_TKacozr-1.jpg#breadcrumb"},"inLanguage":"en-US","potentialAction":[{"@type":"ReadAction","target":["https:\/\/izbapamieci.muzeumwarszawy.pl\/wp-content\/uploads\/sites\/25\/2023\/10\/otwarcie-wystawy-Glosy-Pamieci_TKacozr-1.jpg"]}]},{"@type":"BreadcrumbList","@id":"https:\/\/izbapamieci.muzeumwarszawy.pl\/wp-content\/uploads\/sites\/25\/2023\/10\/otwarcie-wystawy-Glosy-Pamieci_TKacozr-1.jpg#breadcrumb","itemListElement":[{"@type":"ListItem","position":1,"name":"Home","item":"https:\/\/izbapamieci.muzeumwarszawy.pl\/en\/"},{"@type":"ListItem","position":2,"name":"otwarcie wystawy G\u0142osy Pamieci_TKacozr"}]},{"@type":"WebSite","@id":"https:\/\/izbapamieci.muzeumwarszawy.pl\/#website","url":"https:\/\/izbapamieci.muzeumwarszawy.pl\/","name":"Hall of Remembrance at the Warsaw Insurgents Cemetery","description":"Hall of Remembrance at the Warsaw Insurgents Cemetery","potentialAction":[{"@type":"SearchAction","target":{"@type":"EntryPoint","urlTemplate":"https:\/\/izbapamieci.muzeumwarszawy.pl\/?s={search_term_string}"},"query-input":{"@type":"PropertyValueSpecification","valueRequired":true,"valueName":"search_term_string"}}],"inLanguage":"en-US"}]}},"description":{"rendered":"<p class=\"attachment\"><a href='https:\/\/izbapamieci.muzeumwarszawy.pl\/wp-content\/uploads\/sites\/25\/2023\/10\/otwarcie-wystawy-Glosy-Pamieci_TKacozr-1.jpg'><img fetchpriority=\"high\" decoding=\"async\" width=\"300\" height=\"200\" src=\"https:\/\/izbapamieci.muzeumwarszawy.pl\/wp-content\/uploads\/sites\/25\/2023\/10\/otwarcie-wystawy-Glosy-Pamieci_TKacozr-1-300x200.jpg\" class=\"attachment-medium size-medium\" alt=\"\" srcset=\"https:\/\/izbapamieci.muzeumwarszawy.pl\/wp-content\/uploads\/sites\/25\/2023\/10\/otwarcie-wystawy-Glosy-Pamieci_TKacozr-1-300x200.jpg 300w, https:\/\/izbapamieci.muzeumwarszawy.pl\/wp-content\/uploads\/sites\/25\/2023\/10\/otwarcie-wystawy-Glosy-Pamieci_TKacozr-1-768x512.jpg 768w, https:\/\/izbapamieci.muzeumwarszawy.pl\/wp-content\/uploads\/sites\/25\/2023\/10\/otwarcie-wystawy-Glosy-Pamieci_TKacozr-1-1536x1024.jpg 1536w, https:\/\/izbapamieci.muzeumwarszawy.pl\/wp-content\/uploads\/sites\/25\/2023\/10\/otwarcie-wystawy-Glosy-Pamieci_TKacozr-1-500x333.jpg 500w, https:\/\/izbapamieci.muzeumwarszawy.pl\/wp-content\/uploads\/sites\/25\/2023\/10\/otwarcie-wystawy-Glosy-Pamieci_TKacozr-1-332x222.jpg 332w, https:\/\/izbapamieci.muzeumwarszawy.pl\/wp-content\/uploads\/sites\/25\/2023\/10\/otwarcie-wystawy-Glosy-Pamieci_TKacozr-1-650x433.jpg 650w, https:\/\/izbapamieci.muzeumwarszawy.pl\/wp-content\/uploads\/sites\/25\/2023\/10\/otwarcie-wystawy-Glosy-Pamieci_TKacozr-1.jpg 1600w\" sizes=\"(max-width: 300px) 100vw, 300px\" \/><\/a><\/p>\n"},"caption":{"rendered":"<p>Otwarcie wystawy G\u0142osy pami\u0119ci fot. T. Kaczor<\/p>\n"},"alt_text":"","media_type":"image","mime_type":"image\/jpeg","media_details":{"width":1600,"height":1067,"file":"2023\/10\/otwarcie-wystawy-Glosy-Pamieci_TKacozr-1.jpg","filesize":761709,"sizes":{"medium":{"file":"otwarcie-wystawy-Glosy-Pamieci_TKacozr-1-300x200.jpg","width":300,"height":200,"filesize":52255,"mime_type":"image\/jpeg","source_url":"https:\/\/izbapamieci.muzeumwarszawy.pl\/wp-content\/uploads\/sites\/25\/2023\/10\/otwarcie-wystawy-Glosy-Pamieci_TKacozr-1-300x200.jpg"},"thumbnail":{"file":"otwarcie-wystawy-Glosy-Pamieci_TKacozr-1-150x90.jpg","width":150,"height":90,"filesize":39830,"mime_type":"image\/jpeg","source_url":"https:\/\/izbapamieci.muzeumwarszawy.pl\/wp-content\/uploads\/sites\/25\/2023\/10\/otwarcie-wystawy-Glosy-Pamieci_TKacozr-1-150x90.jpg"},"medium_large":{"file":"otwarcie-wystawy-Glosy-Pamieci_TKacozr-1-768x512.jpg","width":768,"height":512,"filesize":111569,"mime_type":"image\/jpeg","source_url":"https:\/\/izbapamieci.muzeumwarszawy.pl\/wp-content\/uploads\/sites\/25\/2023\/10\/otwarcie-wystawy-Glosy-Pamieci_TKacozr-1-768x512.jpg"},"1536x1536":{"file":"otwarcie-wystawy-Glosy-Pamieci_TKacozr-1-1536x1024.jpg","width":1536,"height":1024,"filesize":255253,"mime_type":"image\/jpeg","source_url":"https:\/\/izbapamieci.muzeumwarszawy.pl\/wp-content\/uploads\/sites\/25\/2023\/10\/otwarcie-wystawy-Glosy-Pamieci_TKacozr-1-1536x1024.jpg"},"blog-thumb":{"file":"otwarcie-wystawy-Glosy-Pamieci_TKacozr-1-239x202.jpg","width":239,"height":202,"filesize":48990,"mime_type":"image\/jpeg","source_url":"https:\/\/izbapamieci.muzeumwarszawy.pl\/wp-content\/uploads\/sites\/25\/2023\/10\/otwarcie-wystawy-Glosy-Pamieci_TKacozr-1-239x202.jpg"},"medium_size":{"file":"otwarcie-wystawy-Glosy-Pamieci_TKacozr-1-600x600.jpg","width":600,"height":600,"filesize":103406,"mime_type":"image\/jpeg","source_url":"https:\/\/izbapamieci.muzeumwarszawy.pl\/wp-content\/uploads\/sites\/25\/2023\/10\/otwarcie-wystawy-Glosy-Pamieci_TKacozr-1-600x600.jpg"},"intro_image":{"file":"otwarcie-wystawy-Glosy-Pamieci_TKacozr-1-300x200.jpg","width":300,"height":200,"filesize":52255,"mime_type":"image\/jpeg","source_url":"https:\/\/izbapamieci.muzeumwarszawy.pl\/wp-content\/uploads\/sites\/25\/2023\/10\/otwarcie-wystawy-Glosy-Pamieci_TKacozr-1-300x200.jpg"},"right_image":{"file":"otwarcie-wystawy-Glosy-Pamieci_TKacozr-1-500x333.jpg","width":500,"height":333,"filesize":74601,"mime_type":"image\/jpeg","source_url":"https:\/\/izbapamieci.muzeumwarszawy.pl\/wp-content\/uploads\/sites\/25\/2023\/10\/otwarcie-wystawy-Glosy-Pamieci_TKacozr-1-500x333.jpg"},"news-thumbnails":{"file":"otwarcie-wystawy-Glosy-Pamieci_TKacozr-1-332x222.jpg","width":332,"height":222,"filesize":55693,"mime_type":"image\/jpeg","source_url":"https:\/\/izbapamieci.muzeumwarszawy.pl\/wp-content\/uploads\/sites\/25\/2023\/10\/otwarcie-wystawy-Glosy-Pamieci_TKacozr-1-332x222.jpg"},"exhib_list":{"file":"otwarcie-wystawy-Glosy-Pamieci_TKacozr-1-1210x333.jpg","width":1210,"height":333,"filesize":109713,"mime_type":"image\/jpeg","source_url":"https:\/\/izbapamieci.muzeumwarszawy.pl\/wp-content\/uploads\/sites\/25\/2023\/10\/otwarcie-wystawy-Glosy-Pamieci_TKacozr-1-1210x333.jpg"},"exhib_list_higher":{"file":"otwarcie-wystawy-Glosy-Pamieci_TKacozr-1-1210x500.jpg","width":1210,"height":500,"filesize":141179,"mime_type":"image\/jpeg","source_url":"https:\/\/izbapamieci.muzeumwarszawy.pl\/wp-content\/uploads\/sites\/25\/2023\/10\/otwarcie-wystawy-Glosy-Pamieci_TKacozr-1-1210x500.jpg"},"gabinet_thumb":{"file":"otwarcie-wystawy-Glosy-Pamieci_TKacozr-1-205x90.jpg","width":205,"height":90,"filesize":41302,"mime_type":"image\/jpeg","source_url":"https:\/\/izbapamieci.muzeumwarszawy.pl\/wp-content\/uploads\/sites\/25\/2023\/10\/otwarcie-wystawy-Glosy-Pamieci_TKacozr-1-205x90.jpg"},"object-image":{"file":"otwarcie-wystawy-Glosy-Pamieci_TKacozr-1-650x433.jpg","width":650,"height":433,"filesize":94864,"mime_type":"image\/jpeg","source_url":"https:\/\/izbapamieci.muzeumwarszawy.pl\/wp-content\/uploads\/sites\/25\/2023\/10\/otwarcie-wystawy-Glosy-Pamieci_TKacozr-1-650x433.jpg"},"full":{"file":"otwarcie-wystawy-Glosy-Pamieci_TKacozr-1.jpg","width":1600,"height":1067,"mime_type":"image\/jpeg","source_url":"https:\/\/izbapamieci.muzeumwarszawy.pl\/wp-content\/uploads\/sites\/25\/2023\/10\/otwarcie-wystawy-Glosy-Pamieci_TKacozr-1.jpg"}},"image_meta":{"aperture":"3.5","credit":"","camera":"Canon EOS R6","caption":"","created_timestamp":"1696259538","copyright":"","focal_length":"85","iso":"500","shutter_speed":"0.003125","title":"","orientation":"0","keywords":[]}},"post":null,"source_url":"https:\/\/izbapamieci.muzeumwarszawy.pl\/wp-content\/uploads\/sites\/25\/2023\/10\/otwarcie-wystawy-Glosy-Pamieci_TKacozr-1.jpg","_links":{"self":[{"href":"https:\/\/izbapamieci.muzeumwarszawy.pl\/en\/wp-json\/wp\/v2\/media\/138028","targetHints":{"allow":["GET"]}}],"collection":[{"href":"https:\/\/izbapamieci.muzeumwarszawy.pl\/en\/wp-json\/wp\/v2\/media"}],"about":[{"href":"https:\/\/izbapamieci.muzeumwarszawy.pl\/en\/wp-json\/wp\/v2\/types\/attachment"}],"author":[{"embeddable":true,"href":"https:\/\/izbapamieci.muzeumwarszawy.pl\/en\/wp-json\/wp\/v2\/users\/52"}],"replies":[{"embeddable":true,"href":"https:\/\/izbapamieci.muzeumwarszawy.pl\/en\/wp-json\/wp\/v2\/comments?post=138028"}]}}